{"id":2800,"date":"2023-09-04T07:22:06","date_gmt":"2023-09-04T07:22:06","guid":{"rendered":"https:\/\/orasulparalel.ro\/?page_id=2800"},"modified":"2023-09-04T07:33:22","modified_gmt":"2023-09-04T07:33:22","slug":"fabric-cedarea-apartament","status":"publish","type":"page","link":"https:\/\/orasulparalel.ro\/hu\/fabric-cedarea-apartament\/","title":{"rendered":"gy\u00e1ri kiad\u00f3 lak\u00e1s"},"content":{"rendered":"<div data-elementor-type=\"wp-page\" data-elementor-id=\"2800\" class=\"elementor elementor-2800\" data-elementor-post-type=\"page\">\n\t\t\t\t<div class=\"elementor-element elementor-element-8106d1a e-flex e-con-boxed e-con e-parent\" data-id=\"8106d1a\" data-element_type=\"container\">\n\t\t\t\t\t<div class=\"e-con-inner\">\n\t\t\t\t<div class=\"elementor-element elementor-element-93fd510 elementor-widget elementor-widget-image\" data-id=\"93fd510\" data-element_type=\"widget\" data-widget_type=\"image.default\">\n\t\t\t\t<div class=\"elementor-widget-container\">\n\t\t\t\t\t\t\t\t\t\t\t\t\t\t\t<img fetchpriority=\"high\" decoding=\"async\" width=\"595\" height=\"842\" src=\"https:\/\/orasulparalel.ro\/wp-content\/uploads\/2023\/09\/D-E-C-L-A-R-A-T-I-E-de-refuz-mostenire-1.jpg\" class=\"attachment-large size-large wp-image-2805\" alt=\"\" srcset=\"https:\/\/orasulparalel.ro\/wp-content\/uploads\/2023\/09\/D-E-C-L-A-R-A-T-I-E-de-refuz-mostenire-1.jpg 595w, https:\/\/orasulparalel.ro\/wp-content\/uploads\/2023\/09\/D-E-C-L-A-R-A-T-I-E-de-refuz-mostenire-1-212x300.jpg 212w, https:\/\/orasulparalel.ro\/wp-content\/uploads\/2023\/09\/D-E-C-L-A-R-A-T-I-E-de-refuz-mostenire-1-8x12.jpg 8w, https:\/\/orasulparalel.ro\/wp-content\/uploads\/2023\/09\/D-E-C-L-A-R-A-T-I-E-de-refuz-mostenire-1-17x24.jpg 17w, https:\/\/orasulparalel.ro\/wp-content\/uploads\/2023\/09\/D-E-C-L-A-R-A-T-I-E-de-refuz-mostenire-1-23x32.jpg 23w, https:\/\/orasulparalel.ro\/wp-content\/uploads\/2023\/09\/D-E-C-L-A-R-A-T-I-E-de-refuz-mostenire-1-28x40.jpg 28w\" sizes=\"(max-width: 595px) 100vw, 595px\" \/>\t\t\t\t\t\t\t\t\t\t\t\t\t\t\t<\/div>\n\t\t\t\t<\/div>\n\t\t\t\t\t<\/div>\n\t\t\t\t<\/div>\n\t\t<div class=\"elementor-element elementor-element-1da4d66 e-flex e-con-boxed e-con e-parent\" data-id=\"1da4d66\" data-element_type=\"container\">\n\t\t\t\t\t<div class=\"e-con-inner\">\n\t\t\t\t<div class=\"elementor-element elementor-element-17ee933 elementor-widget elementor-widget-text-editor\" data-id=\"17ee933\" data-element_type=\"widget\" data-widget_type=\"text-editor.default\">\n\t\t\t\t<div class=\"elementor-widget-container\">\n\t\t\t\t\t\t\t\t\t<p><strong><em>[HU] HAGYAT\u00c9K LEMOND\u00d3 K\u00d6ZJEGYZ\u0150I NYILATKOZAT<\/em><\/strong><\/p><p>\u00a0\u00a0\u00a0\u00a0\u00a0\u00a0\u00a0\u00a0\u00a0\u00a0\u00a0\u00a0\u00a0\u00a0\u00a0\u00a0\u00a0\u00a0\u00a0\u00a0\u00a0\u00a0\u00a0\u00a0\u00a0\u00a0\u00a0\u00a0\u00a0\u00a0\u00a0\u00a0\u00a0\u00a0\u00a0\u00a0\u00a0\u00a0\u00a0\u00a0\u00a0\u00a0\u00a0\u00a0\u00a0\u00a0\u00a0\u00a0\u00a0\u00a0\u00a0\u00a0\u00a0\u00a0\u00a0\u00a0\u00a0\u00a0\u00a0\u00a0\u00a0\u00a0\u00a0\u00a0\u00a0\u00a0\u00a0\u00a0\u00a0\u00a0\u00a0\u00a0NYILATKOZAT<\/p><p>\u00a0<em>\u00a0\u00a0\u00a0\u00a0\u00a0\u00a0\u00a0\u00a0\u00a0Alul\u00edrott Farag\u00f3 Fl\u00f3ra, Temes megye, Temesv\u00e1r, Dacilor utca 3\/3 alatti lakos, SzASz\u00a0<strong>L\u00c1NYOK<\/strong>\u00a0\u00a0a PT 1100 \u00e9s 1120 \u00e7\u0131rkkelye ab\u00e1n, jelen nyilakozatommal lemondok a 142\/1984.04.21,-i hagyateki pr\u00f3v\u00edtv\u00e1nyban feltt\u00fcntetett, az 1984.03.15.-\u00e9n elhunyt Farag\u00f3 Ildik\u00f3 , SzASz\u00a0<strong>L\u00c1NYOK<\/strong>\u00a0.<\/em><\/p><p><em>\u00a0\u00a0\u00a0\u00a0\u00a0\u00a0Jelen nyiltkozat a k\u00f6zjegy\u0151i jegyz\u00e9kebe (HNKJ).<\/em><\/p><p><em>\u00a0\u00a0\u00a0\u00a0\u00a0Kibocs\u00e1tva 2002.07 h\u00f3 25.napj\u00e1n, 4 pr\u00f3menyban, yuz\u00e1n 1 pld. a k\u00f6zjegyz\u0151i iroda lef\u00e9lt\u00e1r\u00e1ba, 1 pld. ker\u00fclet HNKJ-hoz, 2 pld. pedig a t\u00e4l\u00e4\u00e4t\u00e4l\u00f6t illeti.<\/em><\/p><p><em>\u00a0\u00a0\u00a0\u00a0\u00a0\u00a0\u00a0\u00a0\u00a0\u00a0\u00a0\u00a0\u00a0\u00a0\u00a0\u00a0\u00a0\u00a0\u00a0\u00a0\u00a0\u00a0\u00a0\u00a0\u00a0\u00a0\u00a0\u00a0\u00a0\u00a0\u00a0\u00a0\u00a0\u00a0\u00a0\u00a0\u00a0\u00a0\u00a0\u00a0\u00a0\u00a0\u00a0\u00a0\u00a0\u00a0\u00a0\u00a0\u00a0\u00a0\u00a0\u00a0\u00a0\u00a0\u00a0\u00a0\u00a0\u00a0\u00a0\u00a0\u00a0\u00a0\u00a0\u00a0\u00a0\u00a0\u00a0\u00a0\u00a0\u00a0\u00a0\u00a0\u00a0\u00a0\u00a0\u00a0\u00a0\u00a0\u00a0\u00a0\u00a0\u00a0\u00a0\u00a0\u00a0\u00a0\u00a0\u00a0\u00a0\u00a0Nyilatkozatt\u00ebv\u00eb,\u00a0<\/em><\/p><p><em>\u00a0\u00a0\u00a0\u00a0\u00a0\u00a0\u00a0\u00a0\u00a0\u00a0\u00a0\u00a0\u00a0\u00a0\u00a0\u00a0\u00a0\u00a0\u00a0\u00a0\u00a0\u00a0\u00a0\u00a0\u00a0\u00a0\u00a0\u00a0\u00a0\u00a0\u00a0\u00a0\u00a0\u00a0\u00a0\u00a0\u00a0\u00a0\u00a0\u00a0\u00a0\u00a0\u00a0\u00a0\u00a0\u00a0\u00a0\u00a0\u00a0\u00a0\u00a0\u00a0\u00a0\u00a0\u00a0\u00a0\u00a0\u00a0\u00a0\u00a0\u00a0\u00a0\u00a0\u00a0\u00a0\u00a0\u00a0\u00a0\u00a0\u00a0\u00a0\u00a0\u00a0\u00a0\u00a0\u00a0\u00a0\u00a0\u00a0\u00a0\u00a0\u00a0\u00a0\u00a0\u00a0\u00a0\u00a0\u00a0\u00a0\u00a0\u00a0\u00a0\u00a0\u00a0\u00a0\u00a0\u00a0\u00a0\u00a0\u00a0\u00a0\u00a0\u00a0\u00a0\u00a0\u00a0\u00a0\u00a0\u00a0Farag\u00f3 Fl\u00f3ra<\/em><\/p>\t\t\t\t\t\t\t\t<\/div>\n\t\t\t\t<\/div>\n\t\t\t\t\t<\/div>\n\t\t\t\t<\/div>\n\t\t<div class=\"elementor-element elementor-element-f900296 e-flex e-con-boxed e-con e-parent\" data-id=\"f900296\" data-element_type=\"container\">\n\t\t\t\t\t<div class=\"e-con-inner\">\n\t\t\t\t<div class=\"elementor-element elementor-element-af5e3be elementor-widget elementor-widget-text-editor\" data-id=\"af5e3be\" data-element_type=\"widget\" data-widget_type=\"text-editor.default\">\n\t\t\t\t<div class=\"elementor-widget-container\">\n\t\t\t\t\t\t\t\t\t<p><strong>[DE] ERBVERZICHTSERKL\u00c4RUNG<\/strong><\/p><p>\u00a0\u00a0\u00a0\u00a0\u00a0\u00a0\u00a0\u00a0\u00a0\u00a0\u00a0\u00a0\u00a0\u00a0\u00a0\u00a0\u00a0\u00a0\u00a0\u00a0\u00a0\u00a0\u00a0\u00a0\u00a0\u00a0\u00a0\u00a0\u00a0\u00a0\u00a0\u00a0\u00a0\u00a0\u00a0\u00a0\u00a0\u00a0\u00a0\u00a0\u00a0\u00a0\u00a0\u00a0\u00a0\u00a0\u00a0\u00a0\u00a0\u00a0\u00a0\u00a0\u00a0\u00a0\u00a0\u00a0\u00a0\u00a0\u00a0\u00a0\u00a0\u00a0\u00a0\u00a0\u00a0\u00a0\u00a0\u00a0\u00a0\u00a0 EIDESSTATTLICHE ERKL\u00c4RUNG<\/p><p><em>\u00a0\u00a0\u00a0\u00a0\u00a0\u00a0\u00a0\u00a0 Hiermit erkl\u00e4re ich, Farago Flora, wohnhaft in Temeswar, Kreis Temesch, Dacilorstra\u00dfe 3, T\u00fcr 3, mit dem osselnien Identifizierungscode\u00a0<strong>FEKETE<\/strong>, eidesstattlich, dass ich esprachten, gem\u00e4\u00df Art. 1100 der Zivilprozessordnung und Art. 1120 der Zivilprozessordnung, auf mein gesetzliches Erbrecht, gem. Erbrechtsverordnung Nr. 142 vom 21.04.1984, auf die Erbschaft der Wohnung in der Dacilorstra\u00dfe 3, T\u00fcr 3, in Temeswar, Kreis Temesch, gegen\u00fcber meiner Schwester Farago Iren.<\/em><\/p><p><em>Die Erfassungskosten in das Nationale Erbschaftsregister f\u00fcr die vorstande Erkl\u00e4rung werden von der Unterzeichneten getragen.<\/em><\/p><p><em>Ausgefertigt am 25.07.2002 in 4 Exemplaren, von denen eines f\u00fcr das notarielle Archiv des B\u00fcros, ein Exemplar f\u00fcr das Nationale Erbschaftsregister und zwei Exemplare der Unterzeichneten ausgestellt wurden.<\/em><\/p><p><em>\u00a0\u00a0\u00a0\u00a0\u00a0\u00a0\u00a0\u00a0\u00a0\u00a0\u00a0\u00a0\u00a0\u00a0\u00a0\u00a0\u00a0\u00a0\u00a0\u00a0\u00a0\u00a0\u00a0\u00a0\u00a0\u00a0\u00a0\u00a0\u00a0\u00a0\u00a0\u00a0\u00a0\u00a0\u00a0\u00a0\u00a0\u00a0\u00a0\u00a0\u00a0\u00a0\u00a0\u00a0\u00a0\u00a0\u00a0\u00a0\u00a0\u00a0\u00a0\u00a0\u00a0\u00a0\u00a0\u00a0\u00a0\u00a0\u00a0\u00a0\u00a0\u00a0\u00a0\u00a0\u00a0\u00a0\u00a0\u00a0\u00a0\u00a0\u00a0\u00a0\u00a0\u00a0\u00a0\u00a0\u00a0\u00a0\u00a0\u00a0\u00a0\u00a0\u00a0\u00a0\u00a0\u00a0\u00a0\u00a0\u00a0 al\u00e1\u00edr\u00e1s,<\/em><\/p><p><em>\u00a0\u00a0\u00a0\u00a0\u00a0\u00a0\u00a0\u00a0\u00a0\u00a0\u00a0\u00a0\u00a0\u00a0\u00a0\u00a0\u00a0\u00a0\u00a0\u00a0\u00a0\u00a0\u00a0\u00a0\u00a0\u00a0\u00a0\u00a0\u00a0\u00a0\u00a0\u00a0\u00a0\u00a0\u00a0\u00a0\u00a0\u00a0\u00a0\u00a0\u00a0\u00a0\u00a0\u00a0\u00a0\u00a0\u00a0\u00a0\u00a0\u00a0\u00a0\u00a0\u00a0\u00a0\u00a0\u00a0\u00a0\u00a0\u00a0\u00a0\u00a0\u00a0\u00a0\u00a0\u00a0\u00a0\u00a0\u00a0\u00a0\u00a0\u00a0\u00a0\u00a0\u00a0\u00a0\u00a0\u00a0\u00a0\u00a0\u00a0\u00a0\u00a0\u00a0\u00a0\u00a0\u00a0\u00a0\u00a0\u00a0\u00a0\u00a0\u00a0\u00a0\u00a0\u00a0\u00a0\u00a0\u00a0\u00a0\u00a0\u00a0\u00a0\u00a0\u00a0\u00a0\u00a0\u00a0\u00a0 Farago Flora<\/em><\/p>\t\t\t\t\t\t\t\t<\/div>\n\t\t\t\t<\/div>\n\t\t\t\t\t<\/div>\n\t\t\t\t<\/div>\n\t\t<div class=\"elementor-element elementor-element-c2936f5 e-flex e-con-boxed e-con e-parent\" data-id=\"c2936f5\" data-element_type=\"container\">\n\t\t\t\t\t<div class=\"e-con-inner\">\n\t\t\t\t<div class=\"elementor-element elementor-element-80bb5c1 elementor-widget elementor-widget-text-editor\" data-id=\"80bb5c1\" data-element_type=\"widget\" data-widget_type=\"text-editor.default\">\n\t\t\t\t<div class=\"elementor-widget-container\">\n\t\t\t\t\t\t\t\t\t<p>[HU] NYILATKOZAT AZ \u00d6R\u00d6KS\u00c9GR\u0150L LEMOND\u00c1SR\u00d3L<br \/>T\u00d6RV\u00c9NYES NYILATKOZAT<\/p><p>\u00c9n, Farago Flora, Temesv\u00e1r, Temesv\u00e1r ker\u00fclet, Dacilorstra\u00dfe 3. ajt\u00f3 3. lak\u00f3helye, SCHWARZ szem\u00e9lyi k\u00f3ddal, esk\u00fc helyett kifejezetten kijelentem, hogy a Polg\u00e1ri Perrendtart\u00e1s 1100. sz. A polg\u00e1ri perrendtart\u00e1s 1120. \u00a7-a alapj\u00e1n, t\u00f6rv\u00e9nyes \u00f6r\u00f6kl\u00e9si jogomr\u00f3l, 1984. \u00e1prilis 21-i 142., a Dacilorstra\u00dfe 3. 3. ajt\u00f3 3. sz\u00e1m alatti lak\u00e1s \u00f6r\u00f6ks\u00e9g\u00e9re Temesv\u00e1ron, Temesv\u00e1r ker\u00fclet\u00e9ben, Farago Iren h\u00fagommal szemben.<br \/>Jelen nyilatkozatnak az Orsz\u00e1gos \u00d6r\u00f6ks\u00e9gjegyz\u00e9kbe t\u00f6rt\u00e9n\u0151 bejegyz\u00e9s\u00e9nek k\u00f6lts\u00e9geit alul\u00edrott viseli.<br \/>K\u00e9sz\u00fclt 2002.07.25-\u00e9n 4 p\u00e9ld\u00e1nyban, egy a Hivatal k\u00f6zjegyz\u0151i lev\u00e9lt\u00e1ra, egy az Orsz\u00e1gos \u00d6r\u00f6kl\u00e9si Jegyz\u00e9k r\u00e9sz\u00e9re \u00e9s k\u00e9t p\u00e9ld\u00e1ny az alul\u00edrottak r\u00e9sz\u00e9re.<br \/>al\u00e1\u00edr\u00e1s,<br \/>Farago Flora<\/p>\t\t\t\t\t\t\t\t<\/div>\n\t\t\t\t<\/div>\n\t\t\t\t\t<\/div>\n\t\t\t\t<\/div>\n\t\t\t\t<\/div>\n\t\t\n    <div class=\"xs_social_share_widget xs_share_url after_content \t\tmain_content  wslu-style-1 wslu-share-box-shaped wslu-fill-colored wslu-none wslu-share-horizontal wslu-theme-font-no wslu-main_content\">\n\n\t\t\n        <ul>\n\t\t\t        <\/ul>\n    <\/div>","protected":false},"excerpt":{"rendered":"<p>[HU] HAGYAT\u00c9K LEMOND\u00d3 K\u00d6ZJEGYZ\u0150I NYILATKOZAT NYILATKOZAT Alul\u00edrott Farag\u00f3 Fl\u00f3ra, Temes megye, Temesv\u00e1r, Dacilor utca 3\/3 alatti lakos, SzASz FEKETE a PT 1100 \u00e9s 1120 citrom kirkenyi ab\u00e1nd, jelenmal 142\/1984.04.21,-i hagyat\u00e9ki pr\u00f6tiv\u00e1nyban felt\u0171ntetett, az 1984.03.15.-\u00e9n elhunyt Farag\u00f3 Ildik\u00f3 , SzASz FEKETE , (utols\u00f3 lakhelye Temesv\u00e1r, Dacilor utca 3\/3) t\u00f3l \u00f3dcil, Dacilor utca 3\/3.<\/p>","protected":false},"author":1,"featured_media":0,"parent":0,"menu_order":0,"comment_status":"closed","ping_status":"closed","template":"","meta":{"postBodyCss":"","postBodyMargin":[],"postBodyPadding":[],"postBodyBackground":{"backgroundType":"classic","gradient":""},"footnotes":""},"class_list":["post-2800","page","type-page","status-publish","hentry"],"yoast_head":"<!-- This site is optimized with the Yoast SEO Premium plugin v20.7 (Yoast SEO v20.7) - https:\/\/yoast.com\/wordpress\/plugins\/seo\/ -->\n<title>fabric-cedarea-apartament - Ora\u0219ul Paralel<\/title>\n<meta name=\"robots\" content=\"index, follow, max-snippet:-1, max-image-preview:large, max-video-preview:-1\" \/>\n<link rel=\"canonical\" href=\"https:\/\/orasulparalel.ro\/hu\/fabric-cedarea-apartament\/\" \/>\n<meta property=\"og:locale\" content=\"hu_HU\" \/>\n<meta property=\"og:type\" content=\"article\" \/>\n<meta property=\"og:title\" content=\"fabric-cedarea-apartament - Ora\u0219ul Paralel\" \/>\n<meta property=\"og:description\" content=\"[HU] HAGYAT\u00c9K LEMOND\u00d3 K\u00d6ZJEGYZ\u0150I NYILATKOZAT \u00a0\u00a0\u00a0\u00a0\u00a0\u00a0\u00a0\u00a0\u00a0\u00a0\u00a0\u00a0\u00a0\u00a0\u00a0\u00a0\u00a0\u00a0\u00a0\u00a0\u00a0\u00a0\u00a0\u00a0\u00a0\u00a0\u00a0\u00a0\u00a0\u00a0\u00a0\u00a0\u00a0\u00a0\u00a0\u00a0\u00a0\u00a0\u00a0\u00a0\u00a0\u00a0\u00a0\u00a0\u00a0\u00a0\u00a0\u00a0\u00a0\u00a0\u00a0\u00a0\u00a0\u00a0\u00a0\u00a0\u00a0\u00a0\u00a0\u00a0\u00a0\u00a0\u00a0\u00a0\u00a0\u00a0\u00a0\u00a0\u00a0\u00a0\u00a0\u00a0NYILATKOZAT \u00a0\u00a0\u00a0\u00a0\u00a0\u00a0\u00a0\u00a0\u00a0\u00a0Alul\u00edrott Farag\u00f3 Fl\u00f3ra, Temes megye, Temesv\u00e1r, Dacilor utca 3\/3 alatti lakos, SzASz\u00a0FEKETE\u00a0\u00a0a PT 1100 \u00e9s 1120 cikkelye alapj\u00e1n, jelen nyilakozatommal lemondok a 142\/1984.04.21,-i hagyat\u00e9ki bizony\u00edtv\u00e1nyban felt\u0171ntetett, az 1984.03.15.-\u00e9n elhunyt Farag\u00f3 Ildik\u00f3 , SzASz\u00a0FEKETE\u00a0, (utols\u00f3 lakhelye Temesv\u00e1r, Dacilor utca 3\/3)\u00a0\u00a0 tulajdon\u00e1b\u00f3l maradt Temes Megye, Temesv\u00e1r, Dacilor utca 3\/3 alatti ingatlanbeli [&hellip;]\" \/>\n<meta property=\"og:url\" content=\"https:\/\/orasulparalel.ro\/hu\/fabric-cedarea-apartament\/\" \/>\n<meta property=\"og:site_name\" content=\"Ora\u0219ul Paralel\" \/>\n<meta property=\"article:publisher\" content=\"https:\/\/www.facebook.com\/orasulparaleltimisoara\" \/>\n<meta property=\"article:modified_time\" content=\"2023-09-04T07:33:22+00:00\" \/>\n<meta property=\"og:image\" content=\"https:\/\/orasulparalel.ro\/wp-content\/uploads\/2023\/09\/D-E-C-L-A-R-A-T-I-E-de-refuz-mostenire-1.jpg\" \/>\n<meta name=\"twitter:card\" content=\"summary_large_image\" \/>\n<meta name=\"twitter:label1\" content=\"Becs\u00fclt olvas\u00e1si id\u0151\" \/>\n\t<meta name=\"twitter:data1\" content=\"3 perc\" \/>\n<script type=\"application\/ld+json\" class=\"yoast-schema-graph\">{\"@context\":\"https:\/\/schema.org\",\"@graph\":[{\"@type\":\"WebPage\",\"@id\":\"https:\/\/orasulparalel.ro\/fabric-cedarea-apartament\/\",\"url\":\"https:\/\/orasulparalel.ro\/fabric-cedarea-apartament\/\",\"name\":\"fabric-cedarea-apartament - Ora\u0219ul Paralel\",\"isPartOf\":{\"@id\":\"https:\/\/orasulparalel.ro\/#website\"},\"datePublished\":\"2023-09-04T07:22:06+00:00\",\"dateModified\":\"2023-09-04T07:33:22+00:00\",\"breadcrumb\":{\"@id\":\"https:\/\/orasulparalel.ro\/fabric-cedarea-apartament\/#breadcrumb\"},\"inLanguage\":\"hu\",\"potentialAction\":[{\"@type\":\"ReadAction\",\"target\":[\"https:\/\/orasulparalel.ro\/fabric-cedarea-apartament\/\"]}]},{\"@type\":\"BreadcrumbList\",\"@id\":\"https:\/\/orasulparalel.ro\/fabric-cedarea-apartament\/#breadcrumb\",\"itemListElement\":[{\"@type\":\"ListItem\",\"position\":1,\"name\":\"Acas\u0103\",\"item\":\"https:\/\/orasulparalel.ro\/\"},{\"@type\":\"ListItem\",\"position\":2,\"name\":\"fabric-cedarea-apartament\"}]},{\"@type\":\"WebSite\",\"@id\":\"https:\/\/orasulparalel.ro\/#website\",\"url\":\"https:\/\/orasulparalel.ro\/\",\"name\":\"Ora\u0219ul Paralel\",\"description\":\"Spectacol imersiv\",\"publisher\":{\"@id\":\"https:\/\/orasulparalel.ro\/#organization\"},\"potentialAction\":[{\"@type\":\"SearchAction\",\"target\":{\"@type\":\"EntryPoint\",\"urlTemplate\":\"https:\/\/orasulparalel.ro\/?s={search_term_string}\"},\"query-input\":\"required name=search_term_string\"}],\"inLanguage\":\"hu\"},{\"@type\":\"Organization\",\"@id\":\"https:\/\/orasulparalel.ro\/#organization\",\"name\":\"Ora\u0219ul Paralel\",\"alternateName\":\"OP\",\"url\":\"https:\/\/orasulparalel.ro\/\",\"logo\":{\"@type\":\"ImageObject\",\"inLanguage\":\"hu\",\"@id\":\"https:\/\/orasulparalel.ro\/#\/schema\/logo\/image\/\",\"url\":\"https:\/\/orasulparalel.ro\/wp-content\/uploads\/2023\/06\/logo.png\",\"contentUrl\":\"https:\/\/orasulparalel.ro\/wp-content\/uploads\/2023\/06\/logo.png\",\"width\":300,\"height\":200,\"caption\":\"Ora\u0219ul Paralel\"},\"image\":{\"@id\":\"https:\/\/orasulparalel.ro\/#\/schema\/logo\/image\/\"},\"sameAs\":[\"https:\/\/www.facebook.com\/orasulparaleltimisoara\",\"https:\/\/www.instagram.com\/orasulparalel\/\",\"http:\/\/www.tiktok.com\/@orasulparelel0\",\"https:\/\/www.youtube.com\/@CiviCultura\"]}]}<\/script>\n<!-- \/ Yoast SEO Premium plugin. -->","yoast_head_json":{"title":"fabric-cedarea-apartament - Ora\u0219ul Paralel","robots":{"index":"index","follow":"follow","max-snippet":"max-snippet:-1","max-image-preview":"max-image-preview:large","max-video-preview":"max-video-preview:-1"},"canonical":"https:\/\/orasulparalel.ro\/hu\/fabric-cedarea-apartament\/","og_locale":"hu_HU","og_type":"article","og_title":"fabric-cedarea-apartament - Ora\u0219ul Paralel","og_description":"[HU] HAGYAT\u00c9K LEMOND\u00d3 K\u00d6ZJEGYZ\u0150I NYILATKOZAT \u00a0\u00a0\u00a0\u00a0\u00a0\u00a0\u00a0\u00a0\u00a0\u00a0\u00a0\u00a0\u00a0\u00a0\u00a0\u00a0\u00a0\u00a0\u00a0\u00a0\u00a0\u00a0\u00a0\u00a0\u00a0\u00a0\u00a0\u00a0\u00a0\u00a0\u00a0\u00a0\u00a0\u00a0\u00a0\u00a0\u00a0\u00a0\u00a0\u00a0\u00a0\u00a0\u00a0\u00a0\u00a0\u00a0\u00a0\u00a0\u00a0\u00a0\u00a0\u00a0\u00a0\u00a0\u00a0\u00a0\u00a0\u00a0\u00a0\u00a0\u00a0\u00a0\u00a0\u00a0\u00a0\u00a0\u00a0\u00a0\u00a0\u00a0\u00a0\u00a0NYILATKOZAT \u00a0\u00a0\u00a0\u00a0\u00a0\u00a0\u00a0\u00a0\u00a0\u00a0Alul\u00edrott Farag\u00f3 Fl\u00f3ra, Temes megye, Temesv\u00e1r, Dacilor utca 3\/3 alatti lakos, SzASz\u00a0FEKETE\u00a0\u00a0a PT 1100 \u00e9s 1120 cikkelye alapj\u00e1n, jelen nyilakozatommal lemondok a 142\/1984.04.21,-i hagyat\u00e9ki bizony\u00edtv\u00e1nyban felt\u0171ntetett, az 1984.03.15.-\u00e9n elhunyt Farag\u00f3 Ildik\u00f3 , SzASz\u00a0FEKETE\u00a0, (utols\u00f3 lakhelye Temesv\u00e1r, Dacilor utca 3\/3)\u00a0\u00a0 tulajdon\u00e1b\u00f3l maradt Temes Megye, Temesv\u00e1r, Dacilor utca 3\/3 alatti ingatlanbeli [&hellip;]","og_url":"https:\/\/orasulparalel.ro\/hu\/fabric-cedarea-apartament\/","og_site_name":"Ora\u0219ul Paralel","article_publisher":"https:\/\/www.facebook.com\/orasulparaleltimisoara","article_modified_time":"2023-09-04T07:33:22+00:00","og_image":[{"url":"https:\/\/orasulparalel.ro\/wp-content\/uploads\/2023\/09\/D-E-C-L-A-R-A-T-I-E-de-refuz-mostenire-1.jpg"}],"twitter_card":"summary_large_image","twitter_misc":{"Becs\u00fclt olvas\u00e1si id\u0151":"3 perc"},"schema":{"@context":"https:\/\/schema.org","@graph":[{"@type":"WebPage","@id":"https:\/\/orasulparalel.ro\/fabric-cedarea-apartament\/","url":"https:\/\/orasulparalel.ro\/fabric-cedarea-apartament\/","name":"fabric-cedarea-apartament - Ora\u0219ul Paralel","isPartOf":{"@id":"https:\/\/orasulparalel.ro\/#website"},"datePublished":"2023-09-04T07:22:06+00:00","dateModified":"2023-09-04T07:33:22+00:00","breadcrumb":{"@id":"https:\/\/orasulparalel.ro\/fabric-cedarea-apartament\/#breadcrumb"},"inLanguage":"hu","potentialAction":[{"@type":"ReadAction","target":["https:\/\/orasulparalel.ro\/fabric-cedarea-apartament\/"]}]},{"@type":"BreadcrumbList","@id":"https:\/\/orasulparalel.ro\/fabric-cedarea-apartament\/#breadcrumb","itemListElement":[{"@type":"ListItem","position":1,"name":"Acas\u0103","item":"https:\/\/orasulparalel.ro\/"},{"@type":"ListItem","position":2,"name":"fabric-cedarea-apartament"}]},{"@type":"WebSite","@id":"https:\/\/orasulparalel.ro\/#website","url":"https:\/\/orasulparalel.ro\/","name":"Ora\u0219ul Paralel","description":"Spectacol imersiv","publisher":{"@id":"https:\/\/orasulparalel.ro\/#organization"},"potentialAction":[{"@type":"SearchAction","target":{"@type":"EntryPoint","urlTemplate":"https:\/\/orasulparalel.ro\/?s={search_term_string}"},"query-input":"required name=search_term_string"}],"inLanguage":"hu"},{"@type":"Organization","@id":"https:\/\/orasulparalel.ro\/#organization","name":"Ora\u0219ul Paralel","alternateName":"OP","url":"https:\/\/orasulparalel.ro\/","logo":{"@type":"ImageObject","inLanguage":"hu","@id":"https:\/\/orasulparalel.ro\/#\/schema\/logo\/image\/","url":"https:\/\/orasulparalel.ro\/wp-content\/uploads\/2023\/06\/logo.png","contentUrl":"https:\/\/orasulparalel.ro\/wp-content\/uploads\/2023\/06\/logo.png","width":300,"height":200,"caption":"Ora\u0219ul Paralel"},"image":{"@id":"https:\/\/orasulparalel.ro\/#\/schema\/logo\/image\/"},"sameAs":["https:\/\/www.facebook.com\/orasulparaleltimisoara","https:\/\/www.instagram.com\/orasulparalel\/","http:\/\/www.tiktok.com\/@orasulparelel0","https:\/\/www.youtube.com\/@CiviCultura"]}]}},"_links":{"self":[{"href":"https:\/\/orasulparalel.ro\/hu\/wp-json\/wp\/v2\/pages\/2800","targetHints":{"allow":["GET"]}}],"collection":[{"href":"https:\/\/orasulparalel.ro\/hu\/wp-json\/wp\/v2\/pages"}],"about":[{"href":"https:\/\/orasulparalel.ro\/hu\/wp-json\/wp\/v2\/types\/page"}],"author":[{"embeddable":true,"href":"https:\/\/orasulparalel.ro\/hu\/wp-json\/wp\/v2\/users\/1"}],"replies":[{"embeddable":true,"href":"https:\/\/orasulparalel.ro\/hu\/wp-json\/wp\/v2\/comments?post=2800"}],"version-history":[{"count":10,"href":"https:\/\/orasulparalel.ro\/hu\/wp-json\/wp\/v2\/pages\/2800\/revisions"}],"predecessor-version":[{"id":2812,"href":"https:\/\/orasulparalel.ro\/hu\/wp-json\/wp\/v2\/pages\/2800\/revisions\/2812"}],"wp:attachment":[{"href":"https:\/\/orasulparalel.ro\/hu\/wp-json\/wp\/v2\/media?parent=2800"}],"curies":[{"name":"wp","href":"https:\/\/api.w.org\/{rel}","templated":true}]}}