{"id":1726,"date":"2023-05-29T09:11:26","date_gmt":"2023-05-29T09:11:26","guid":{"rendered":"https:\/\/paralel.civicultura.ro\/civicultura-2\/"},"modified":"2023-10-03T14:23:42","modified_gmt":"2023-10-03T14:23:42","slug":"fabric","status":"publish","type":"page","link":"https:\/\/orasulparalel.ro\/hu\/fabric\/","title":{"rendered":"Fabric"},"content":{"rendered":"<div data-elementor-type=\"wp-page\" data-elementor-id=\"1726\" class=\"elementor elementor-1726\" data-elementor-post-type=\"page\">\n\t\t\t\t<div class=\"elementor-element elementor-element-11739aa e-con-full e-flex e-con e-parent\" data-id=\"11739aa\" data-element_type=\"container\">\n\t\t<div class=\"elementor-element elementor-element-ad50902 e-con-full e-flex e-con e-parent\" data-id=\"ad50902\" data-element_type=\"container\" data-settings=\"{&quot;background_background&quot;:&quot;classic&quot;}\">\n\t\t<div class=\"elementor-element elementor-element-953ee05 e-con-full e-flex e-con e-parent\" data-id=\"953ee05\" data-element_type=\"container\">\n\t\t\t\t<div class=\"elementor-element elementor-element-e43c8bb elementor-widget elementor-widget-video\" data-id=\"e43c8bb\" data-element_type=\"widget\" data-settings=\"{&quot;youtube_url&quot;:&quot;https:\\\/\\\/www.youtube.com\\\/watch?v=ejz-zdGbQr4&quot;,&quot;loop&quot;:&quot;yes&quot;,&quot;video_type&quot;:&quot;youtube&quot;}\" data-widget_type=\"video.default\">\n\t\t\t\t<div class=\"elementor-widget-container\">\n\t\t\t\t\t\t\t<div class=\"elementor-wrapper elementor-open-inline\">\n\t\t\t<div class=\"elementor-video\"><\/div>\t\t<\/div>\n\t\t\t\t\t\t<\/div>\n\t\t\t\t<\/div>\n\t\t\t\t<\/div>\n\t\t<div class=\"elementor-element elementor-element-af0f45b e-con-full e-flex e-con e-parent\" data-id=\"af0f45b\" data-element_type=\"container\">\n\t\t\t\t<div class=\"elementor-element elementor-element-9337cd7 elementor-widget elementor-widget-text-editor\" data-id=\"9337cd7\" data-element_type=\"widget\" data-widget_type=\"text-editor.default\">\n\t\t\t\t<div class=\"elementor-widget-container\">\n\t\t\t\t\t\t\t\t\t<p>K\u00e9t n\u0151v\u00e9r. 2002-ben egy nyomtalanul elt\u0171nt. 20 \u00e9vvel k\u00e9s\u0151bb l\u00e1nya, \u00c1gnes \u2013 m\u00e1r feln\u0151tt \u2013 m\u00e9g mindig keresi.<br \/>A Reform\u00e1tus K\u00f6zpontban van az az ember, aki e rejt\u00e9ly kulcs\u00e1t birtokolja.<\/p><p>J\u00f3l meg\u00e9rkezt\u00e9l. Itt vannak az alkalmaz\u00e1sok <a href=\"https:\/\/play.google.com\/store\/apps\/details?id=com.orasulparalel.ultimaziaflorei\" target=\"_blank\" rel=\"noopener\">Android<\/a> \u00e9s <a href=\"https:\/\/play.google.com\/store\/apps\/details?id=com.orasulparalel.ultimaziaflorei\" target=\"_blank\" rel=\"noopener\">iOS<\/a> amelyen kereszt\u00fcl felfedezheti majd <em>Fl\u00f3ra utols\u00f3 napja a GY\u00c1RBAN<\/em>!<br \/>Ne felejtse el mag\u00e1val vinni a fejhallgat\u00f3t \u00e9s t\u00f6ltse fel telefonj\u00e1t!<\/p>\t\t\t\t\t\t\t\t<\/div>\n\t\t\t\t<\/div>\n\t\t\t\t<\/div>\n\t\t\t\t<\/div>\n\t\t\t\t<\/div>\n\t\t<div class=\"elementor-element elementor-element-f9a3a80 e-con-full e-flex e-con e-parent\" data-id=\"f9a3a80\" data-element_type=\"container\">\n\t\t\t\t<div class=\"elementor-element elementor-element-5f6514c elementor-widget elementor-widget-heading\" data-id=\"5f6514c\" data-element_type=\"widget\" data-widget_type=\"heading.default\">\n\t\t\t\t<div class=\"elementor-widget-container\">\n\t\t\t\t\t<h2 class=\"elementor-heading-title elementor-size-default\">terjeszt\u00e9s<\/h2>\t\t\t\t<\/div>\n\t\t\t\t<\/div>\n\t\t\t\t<div class=\"elementor-element elementor-element-e6880e8 elementor-widget elementor-widget-text-editor\" data-id=\"e6880e8\" data-element_type=\"widget\" data-widget_type=\"text-editor.default\">\n\t\t\t\t<div class=\"elementor-widget-container\">\n\t\t\t\t\t\t\t\t\t<div><div>\u00c1gnes \u2013 <em>Vajda Bor\u00f3ka<\/em> | Ir\u00e9n \u2013 <em>Tokai Andrea<\/em> | Fl\u00f3ra\/hang \u2013 <em>Tor\u00f6k Olga<\/em> \u00a0| fiatal Ir\u00e9n \u2013 <em>Tor\u00f6k Silvia<\/em> | fiatal Zoli \u2013 <em>Molnos Andr\u00e1s<\/em> <em>Csaba<\/em> | Bence \u2013 <em>Lajter M\u00e1rk\u00f3 Erneszt\u00f3<\/em> | Zoli \u2013 <em>M\u00e1ty\u00e1s Zsolt Imre<\/em> | Zsuzsi \u2013 <em>Borb\u00e9ly B. Emilia<\/em> | Ingatlan\u00fcgyn\u00f6k - <em>Jancs\u00f3 El\u0151d<\/em> | Jog\u00e1sz - <em>Hegyi Kincs\u0151<\/em> | a zongorista - <em>Kocs\u00e1rdi Levente<\/em> | Martin \u2013 <em>Bal\u00e1zs Attila<\/em> | Viki \u2013 <em>Magyars Etelka<\/em> \u00a0| J\u00e1nos \u2013 <em>Kiss Attila<\/em> | R\u00e9szeg - <em>L\u0151rincz Rita<\/em> | Alpok \u2013 <em>Guidel D\u00e1niel<\/em> | Pet\u00fania \u2013 <em>Bl\u00e9nessy Enik\u0151<\/em> | papn\u0151 \u2013 <em>Anna Csabi<\/em><\/div><\/div>\t\t\t\t\t\t\t\t<\/div>\n\t\t\t\t<\/div>\n\t\t\t\t<\/div>\n\t\t<div class=\"elementor-element elementor-element-0e8bcbd e-con-full e-flex e-con e-parent\" data-id=\"0e8bcbd\" data-element_type=\"container\">\n\t\t\t\t<div class=\"elementor-element elementor-element-01bcc97 elementor-widget elementor-widget-text-editor\" data-id=\"01bcc97\" data-element_type=\"widget\" data-widget_type=\"text-editor.default\">\n\t\t\t\t<div class=\"elementor-widget-container\">\n\t\t\t\t\t\t\t\t\t<p>Rendez\u0151: Ana M\u0103rgineanu | Sz\u00f6veg: Peca \u0218tefan<br \/>T\u00e1rsigazgat\u00f3 \u2013 Molnos Andr\u00e1s Csaba | M\u0171szaki igazgat\u00f3 \u2013 Kert\u00e9sz \u00c9va | D\u00edszlettervez\u0151 \u2013 Albert Alpar | Koreogr\u00e1fus \u2013 Andreea Du\u021ba | Zeneszerz\u0151 \u2013 Cari Tibor | Hangtervez\u0151 \u2013 Radu Racz | Grafika \u2013 Sergiu Lazin | Illusztr\u00e1ci\u00f3k \u2013 Bianca Chiriac | Vide\u00f3 \u2013 Sorin Mocan | P\u00e1ly\u00e1zat \u2013 Adrian Lupei | Kommunik\u00e1ci\u00f3 \u2013 Adina Palea | Producer \u2013 Ionel M\u0103rginean | Produkci\u00f3s asszisztens \u2013 Maria Dombrov<br \/><strong>Ford\u00edt\u00e1s<\/strong><br \/>n\u00e9met \u2013 Henrike Bradiceanu Persem, Rudolf Herbert <br \/>angol \u2013 Carmen Tarniceru <br \/>Magyar \u2013 Laslavics T\u00edmea, S\u00fct\u0151 Udvari Magdolna, Orb\u00e1n Enik\u0151<\/p>\t\t\t\t\t\t\t\t<\/div>\n\t\t\t\t<\/div>\n\t\t\t\t<\/div>\n\t\t<div class=\"elementor-element elementor-element-f696798 e-con-full e-flex e-con e-parent\" data-id=\"f696798\" data-element_type=\"container\">\n\t\t\t\t<div class=\"elementor-element elementor-element-472db25 elementor-widget elementor-widget-text-editor\" data-id=\"472db25\" data-element_type=\"widget\" data-widget_type=\"text-editor.default\">\n\t\t\t\t<div class=\"elementor-widget-container\">\n\t\t\t\t\t\t\t\t\tAz Ora\u0219ul Paralel: Iosefin (2021), az Orasul Paralel: Fabric (2022) \u00e9s az Orasul Paralel: Elisabetin (2023) darabok az Ana M\u0103rgineanu rendez\u0151 \u00e9s Peca \u0218tefan dramaturg \u00e1ltal k\u00e9sz\u00edtett tril\u00f3gi\u00e1nak a r\u00e9szei, egy olyan sorozat, amely mag\u00e1val ragad\u00f3 t\u00f6rt\u00e9neti t\u00f6rt\u00e9netek sorozat\u00e1t veszi alapul, amelyek a sz\u00ednh\u00e1zi filmek t\u00f6rt\u00e9neti dokumentumaira \u00e9p\u00fclnek. Ezekben a t\u00f6rt\u00e9netekben a n\u00e9z\u0151 egy p\u00e1rhuzamos vil\u00e1gba mer\u00fcl el, amelyen kereszt\u00fcl a sz\u00edn\u00e9szek vezetik, hogy m\u00e1s sz\u0171r\u0151k\u00f6n kereszt\u00fcl, intenz\u00edv \u00e9s eredeti \u00e9lm\u00e9nyben l\u00e1ssa a k\u00f6rny\u00e9ket\/v\u00e1rost. Az id\u00e9n l\u00e9trej\u00f6tt \u00e9lm\u00e9nynek k\u00e9t \u00f6sszetev\u0151je van: a performat\u00edv r\u00e9sz (a sz\u00edndarab) \u00e9s a felfedez\u0151 r\u00e9sz (alkalmaz\u00e1son kereszt\u00fcl), mindkett\u0151 t\u00e1mpontokat ad az elt\u0171n\u00e9s rejt\u00e9ly\u00e9nek, a Parallel City: Fabric cselekm\u00e9ny\u00e9nek megfejt\u00e9s\u00e9hez. A performat\u00edv show a B\u00e9g\u00e1n, a haj\u00f3n, majd a Noul Mileniu Reform\u00e1tus K\u00f6zpontban kialak\u00edtott labirintusban lesz.\t\t\t\t\t\t\t\t<\/div>\n\t\t\t\t<\/div>\n\t\t\t\t<div class=\"elementor-element elementor-element-260bef8 elementor-widget elementor-widget-text-editor\" data-id=\"260bef8\" data-element_type=\"widget\" data-widget_type=\"text-editor.default\">\n\t\t\t\t<div class=\"elementor-widget-container\">\n\t\t\t\t\t\t\t\t\tA P\u00e1rhuzamos v\u00e1ros: Sz\u00f6vet c\u00edm\u0171 el\u0151ad\u00e1s a Diogene Kultur\u00e1lis Egyes\u00fclet \u00e1ltal a Csiky Gergely Magyar \u00c1llami Sz\u00ednh\u00e1zzal \u00e9s a Temesv\u00e1ri N\u00e9met \u00c1llami Sz\u00ednh\u00e1zzal koprodukci\u00f3ban, a Temesv\u00e1ri Politechnikai Egyetemmel egy\u00fcttm\u0171k\u00f6dve, a Temesv\u00e1ri \u00daj Mil\u00e9niu K\u00f6zleked\u00e9si \u00e9s K\u00f6zleked\u00e9si K\u00f6zpont t\u00e1mogat\u00e1s\u00e1val a Diogene Kultur\u00e1lis Egyes\u00fclet \u00e1ltal kidolgozott Urban Dilemmas: Parallel City projekt r\u00e9sze. A projekt a \u201eTemesv\u00e1r 2023 \u2013 Eur\u00f3pa Kultur\u00e1lis F\u0151v\u00e1rosa\u201d Kultur\u00e1lis Program r\u00e9sze, \u00e9s Temesv\u00e1r \u00f6nkorm\u00e1nyzata a Projektk\u00f6zponton kereszt\u00fcl finansz\u00edrozza.\t\t\t\t\t\t\t\t<\/div>\n\t\t\t\t<\/div>\n\t\t\t\t<\/div>\n\t\t<div class=\"elementor-element elementor-element-2fe95bc e-flex e-con-boxed e-con e-parent\" data-id=\"2fe95bc\" data-element_type=\"container\">\n\t\t\t\t\t<div class=\"e-con-inner\">\n\t\t\t\t<div class=\"elementor-element elementor-element-979bbd9 elementor-widget elementor-widget-video\" data-id=\"979bbd9\" data-element_type=\"widget\" data-settings=\"{&quot;youtube_url&quot;:&quot;https:\\\/\\\/youtu.be\\\/2rFHrTajqA4?si=dzy_aPH4ox2P757L&quot;,&quot;video_type&quot;:&quot;youtube&quot;,&quot;controls&quot;:&quot;yes&quot;}\" data-widget_type=\"video.default\">\n\t\t\t\t<div class=\"elementor-widget-container\">\n\t\t\t\t\t\t\t<div class=\"elementor-wrapper elementor-open-inline\">\n\t\t\t<div class=\"elementor-video\"><\/div>\t\t<\/div>\n\t\t\t\t\t\t<\/div>\n\t\t\t\t<\/div>\n\t\t\t\t\t<\/div>\n\t\t\t\t<\/div>\n\t\t\t\t<\/div>\n\t\t\n    <div class=\"xs_social_share_widget xs_share_url after_content \t\tmain_content  wslu-style-1 wslu-share-box-shaped wslu-fill-colored wslu-none wslu-share-horizontal wslu-theme-font-no wslu-main_content\">\n\n\t\t\n        <ul>\n\t\t\t        <\/ul>\n    <\/div>","protected":false},"excerpt":{"rendered":"<p>A tril\u00f3gia m\u00e1sodik r\u00e9sze, a &quot;P\u00e1rhuzamos v\u00e1ros: Sz\u00f6vet&quot; (2022) t\u00f6bbnyire az &quot;\u00daj \u00c9vezred&quot; Reform\u00e1tus K\u00f6zpontban j\u00e1tsz\u00f3dik. Agn\u00e9, egy frissen Budapesten v\u00e9gzett \u00fajs\u00e1g\u00edr\u00f3 visszat\u00e9r gyermekkori szomsz\u00e9ds\u00e1g\u00e1ba, hogy megfejtse \u00e9desanyja, Fl\u00f3ra 20 \u00e9vvel ezel\u0151tti elt\u0171n\u00e9s\u00e9nek rejt\u00e9ly\u00e9t. Mint egy rejtv\u00e9nyk\u00fcldet\u00e9sn\u00e9l, a n\u00e9z\u0151k a hat k\u00f6z\u00fcl v\u00e1lasztj\u00e1k az egyiket<br \/>\nkarakterek, akik felfedhetik ennek a rejt\u00e9lynek a r\u00e9szeit. <\/p>","protected":false},"author":1,"featured_media":2168,"parent":0,"menu_order":0,"comment_status":"closed","ping_status":"closed","template":"","meta":{"postBodyCss":"","postBodyMargin":[],"postBodyPadding":[],"postBodyBackground":{"backgroundType":"classic","gradient":""},"footnotes":""},"class_list":["post-1726","page","type-page","status-publish","has-post-thumbnail","hentry"],"yoast_head":"<!-- This site is optimized with the Yoast SEO Premium plugin v20.7 (Yoast SEO v20.7) - https:\/\/yoast.com\/wordpress\/plugins\/seo\/ -->\n<title>Fabric - Ora\u0219ul Paralel<\/title>\n<meta name=\"robots\" content=\"index, follow, max-snippet:-1, max-image-preview:large, max-video-preview:-1\" \/>\n<link rel=\"canonical\" href=\"https:\/\/orasulparalel.ro\/hu\/fabric\/\" \/>\n<meta property=\"og:locale\" content=\"hu_HU\" \/>\n<meta property=\"og:type\" content=\"article\" \/>\n<meta property=\"og:title\" content=\"Fabric - Ora\u0219ul Paralel\" \/>\n<meta property=\"og:description\" content=\"Partea a doua a trilogiei, \u201cOra\u0219ul Paralel: Fabric\u201d (2022) se \u00eent\u00e2mpl\u0103 majoritar \u00een interiorul Centrului Reformat \u201eNoul Mileniu\u201d. Agn\u00e9s, o proasp\u0103t\u0103 absolvent\u0103 a facult\u0103\u021bii de jurnalism din Budapesta revine \u00een cartierul copil\u0103riei pentru a dezlega misterul care \u00eenv\u0103luie dispari\u021bia mamei ei, Fl\u00f3ra, petrecut\u0103 acum 20 de ani. Ca \u00eentr-un puzzle quest, spectatorii aleg s\u0103 urm\u0103reasc\u0103 unul dintre cele \u0219ase personaje care pot dezv\u0103lui p\u0103r\u021bi din acest mister.\" \/>\n<meta property=\"og:url\" content=\"https:\/\/orasulparalel.ro\/hu\/fabric\/\" \/>\n<meta property=\"og:site_name\" content=\"Ora\u0219ul Paralel\" \/>\n<meta property=\"article:publisher\" content=\"https:\/\/www.facebook.com\/orasulparaleltimisoara\" \/>\n<meta property=\"article:modified_time\" content=\"2023-10-03T14:23:42+00:00\" \/>\n<meta property=\"og:image\" content=\"https:\/\/orasulparalel.ro\/wp-content\/uploads\/2023\/07\/fabric-v2.jpg\" \/>\n\t<meta property=\"og:image:width\" content=\"606\" \/>\n\t<meta property=\"og:image:height\" content=\"608\" \/>\n\t<meta property=\"og:image:type\" content=\"image\/jpeg\" \/>\n<meta name=\"twitter:card\" content=\"summary_large_image\" \/>\n<meta name=\"twitter:label1\" content=\"Becs\u00fclt olvas\u00e1si id\u0151\" \/>\n\t<meta name=\"twitter:data1\" content=\"3 perc\" \/>\n<script type=\"application\/ld+json\" class=\"yoast-schema-graph\">{\"@context\":\"https:\/\/schema.org\",\"@graph\":[{\"@type\":\"WebPage\",\"@id\":\"https:\/\/orasulparalel.ro\/fabric\/\",\"url\":\"https:\/\/orasulparalel.ro\/fabric\/\",\"name\":\"Fabric - Ora\u0219ul Paralel\",\"isPartOf\":{\"@id\":\"https:\/\/orasulparalel.ro\/#website\"},\"datePublished\":\"2023-05-29T09:11:26+00:00\",\"dateModified\":\"2023-10-03T14:23:42+00:00\",\"breadcrumb\":{\"@id\":\"https:\/\/orasulparalel.ro\/fabric\/#breadcrumb\"},\"inLanguage\":\"hu\",\"potentialAction\":[{\"@type\":\"ReadAction\",\"target\":[\"https:\/\/orasulparalel.ro\/fabric\/\"]}]},{\"@type\":\"BreadcrumbList\",\"@id\":\"https:\/\/orasulparalel.ro\/fabric\/#breadcrumb\",\"itemListElement\":[{\"@type\":\"ListItem\",\"position\":1,\"name\":\"Acas\u0103\",\"item\":\"https:\/\/orasulparalel.ro\/\"},{\"@type\":\"ListItem\",\"position\":2,\"name\":\"Fabric\"}]},{\"@type\":\"WebSite\",\"@id\":\"https:\/\/orasulparalel.ro\/#website\",\"url\":\"https:\/\/orasulparalel.ro\/\",\"name\":\"Ora\u0219ul Paralel\",\"description\":\"Spectacol imersiv\",\"publisher\":{\"@id\":\"https:\/\/orasulparalel.ro\/#organization\"},\"potentialAction\":[{\"@type\":\"SearchAction\",\"target\":{\"@type\":\"EntryPoint\",\"urlTemplate\":\"https:\/\/orasulparalel.ro\/?s={search_term_string}\"},\"query-input\":\"required name=search_term_string\"}],\"inLanguage\":\"hu\"},{\"@type\":\"Organization\",\"@id\":\"https:\/\/orasulparalel.ro\/#organization\",\"name\":\"Ora\u0219ul Paralel\",\"alternateName\":\"OP\",\"url\":\"https:\/\/orasulparalel.ro\/\",\"logo\":{\"@type\":\"ImageObject\",\"inLanguage\":\"hu\",\"@id\":\"https:\/\/orasulparalel.ro\/#\/schema\/logo\/image\/\",\"url\":\"https:\/\/orasulparalel.ro\/wp-content\/uploads\/2023\/06\/logo.png\",\"contentUrl\":\"https:\/\/orasulparalel.ro\/wp-content\/uploads\/2023\/06\/logo.png\",\"width\":300,\"height\":200,\"caption\":\"Ora\u0219ul Paralel\"},\"image\":{\"@id\":\"https:\/\/orasulparalel.ro\/#\/schema\/logo\/image\/\"},\"sameAs\":[\"https:\/\/www.facebook.com\/orasulparaleltimisoara\",\"https:\/\/www.instagram.com\/orasulparalel\/\",\"http:\/\/www.tiktok.com\/@orasulparelel0\",\"https:\/\/www.youtube.com\/@CiviCultura\"]}]}<\/script>\n<!-- \/ Yoast SEO Premium plugin. -->","yoast_head_json":{"title":"Fabric - Ora\u0219ul Paralel","robots":{"index":"index","follow":"follow","max-snippet":"max-snippet:-1","max-image-preview":"max-image-preview:large","max-video-preview":"max-video-preview:-1"},"canonical":"https:\/\/orasulparalel.ro\/hu\/fabric\/","og_locale":"hu_HU","og_type":"article","og_title":"Fabric - Ora\u0219ul Paralel","og_description":"Partea a doua a trilogiei, \u201cOra\u0219ul Paralel: Fabric\u201d (2022) se \u00eent\u00e2mpl\u0103 majoritar \u00een interiorul Centrului Reformat \u201eNoul Mileniu\u201d. Agn\u00e9s, o proasp\u0103t\u0103 absolvent\u0103 a facult\u0103\u021bii de jurnalism din Budapesta revine \u00een cartierul copil\u0103riei pentru a dezlega misterul care \u00eenv\u0103luie dispari\u021bia mamei ei, Fl\u00f3ra, petrecut\u0103 acum 20 de ani. Ca \u00eentr-un puzzle quest, spectatorii aleg s\u0103 urm\u0103reasc\u0103 unul dintre cele \u0219ase personaje care pot dezv\u0103lui p\u0103r\u021bi din acest mister.","og_url":"https:\/\/orasulparalel.ro\/hu\/fabric\/","og_site_name":"Ora\u0219ul Paralel","article_publisher":"https:\/\/www.facebook.com\/orasulparaleltimisoara","article_modified_time":"2023-10-03T14:23:42+00:00","og_image":[{"width":606,"height":608,"url":"https:\/\/orasulparalel.ro\/wp-content\/uploads\/2023\/07\/fabric-v2.jpg","type":"image\/jpeg"}],"twitter_card":"summary_large_image","twitter_misc":{"Becs\u00fclt olvas\u00e1si id\u0151":"3 perc"},"schema":{"@context":"https:\/\/schema.org","@graph":[{"@type":"WebPage","@id":"https:\/\/orasulparalel.ro\/fabric\/","url":"https:\/\/orasulparalel.ro\/fabric\/","name":"Fabric - Ora\u0219ul Paralel","isPartOf":{"@id":"https:\/\/orasulparalel.ro\/#website"},"datePublished":"2023-05-29T09:11:26+00:00","dateModified":"2023-10-03T14:23:42+00:00","breadcrumb":{"@id":"https:\/\/orasulparalel.ro\/fabric\/#breadcrumb"},"inLanguage":"hu","potentialAction":[{"@type":"ReadAction","target":["https:\/\/orasulparalel.ro\/fabric\/"]}]},{"@type":"BreadcrumbList","@id":"https:\/\/orasulparalel.ro\/fabric\/#breadcrumb","itemListElement":[{"@type":"ListItem","position":1,"name":"Acas\u0103","item":"https:\/\/orasulparalel.ro\/"},{"@type":"ListItem","position":2,"name":"Fabric"}]},{"@type":"WebSite","@id":"https:\/\/orasulparalel.ro\/#website","url":"https:\/\/orasulparalel.ro\/","name":"Ora\u0219ul Paralel","description":"Spectacol imersiv","publisher":{"@id":"https:\/\/orasulparalel.ro\/#organization"},"potentialAction":[{"@type":"SearchAction","target":{"@type":"EntryPoint","urlTemplate":"https:\/\/orasulparalel.ro\/?s={search_term_string}"},"query-input":"required name=search_term_string"}],"inLanguage":"hu"},{"@type":"Organization","@id":"https:\/\/orasulparalel.ro\/#organization","name":"Ora\u0219ul Paralel","alternateName":"OP","url":"https:\/\/orasulparalel.ro\/","logo":{"@type":"ImageObject","inLanguage":"hu","@id":"https:\/\/orasulparalel.ro\/#\/schema\/logo\/image\/","url":"https:\/\/orasulparalel.ro\/wp-content\/uploads\/2023\/06\/logo.png","contentUrl":"https:\/\/orasulparalel.ro\/wp-content\/uploads\/2023\/06\/logo.png","width":300,"height":200,"caption":"Ora\u0219ul Paralel"},"image":{"@id":"https:\/\/orasulparalel.ro\/#\/schema\/logo\/image\/"},"sameAs":["https:\/\/www.facebook.com\/orasulparaleltimisoara","https:\/\/www.instagram.com\/orasulparalel\/","http:\/\/www.tiktok.com\/@orasulparelel0","https:\/\/www.youtube.com\/@CiviCultura"]}]}},"_links":{"self":[{"href":"https:\/\/orasulparalel.ro\/hu\/wp-json\/wp\/v2\/pages\/1726","targetHints":{"allow":["GET"]}}],"collection":[{"href":"https:\/\/orasulparalel.ro\/hu\/wp-json\/wp\/v2\/pages"}],"about":[{"href":"https:\/\/orasulparalel.ro\/hu\/wp-json\/wp\/v2\/types\/page"}],"author":[{"embeddable":true,"href":"https:\/\/orasulparalel.ro\/hu\/wp-json\/wp\/v2\/users\/1"}],"replies":[{"embeddable":true,"href":"https:\/\/orasulparalel.ro\/hu\/wp-json\/wp\/v2\/comments?post=1726"}],"version-history":[{"count":28,"href":"https:\/\/orasulparalel.ro\/hu\/wp-json\/wp\/v2\/pages\/1726\/revisions"}],"predecessor-version":[{"id":2903,"href":"https:\/\/orasulparalel.ro\/hu\/wp-json\/wp\/v2\/pages\/1726\/revisions\/2903"}],"wp:featuredmedia":[{"embeddable":true,"href":"https:\/\/orasulparalel.ro\/hu\/wp-json\/wp\/v2\/media\/2168"}],"wp:attachment":[{"href":"https:\/\/orasulparalel.ro\/hu\/wp-json\/wp\/v2\/media?parent=1726"}],"curies":[{"name":"wp","href":"https:\/\/api.w.org\/{rel}","templated":true}]}}