{"id":2800,"date":"2023-09-04T07:22:06","date_gmt":"2023-09-04T07:22:06","guid":{"rendered":"https:\/\/orasulparalel.ro\/?page_id=2800"},"modified":"2023-09-04T07:33:22","modified_gmt":"2023-09-04T07:33:22","slug":"fabric-cedarea-apartament","status":"publish","type":"page","link":"https:\/\/orasulparalel.ro\/de\/fabric-cedarea-apartament\/","title":{"rendered":"Fabrikvermietung-Wohnung"},"content":{"rendered":"<div data-elementor-type=\"wp-page\" data-elementor-id=\"2800\" class=\"elementor elementor-2800\" data-elementor-post-type=\"page\">\n\t\t\t\t<div class=\"elementor-element elementor-element-8106d1a e-flex e-con-boxed e-con e-parent\" data-id=\"8106d1a\" data-element_type=\"container\">\n\t\t\t\t\t<div class=\"e-con-inner\">\n\t\t\t\t<div class=\"elementor-element elementor-element-93fd510 elementor-widget elementor-widget-image\" data-id=\"93fd510\" data-element_type=\"widget\" data-widget_type=\"image.default\">\n\t\t\t\t<div class=\"elementor-widget-container\">\n\t\t\t\t\t\t\t\t\t\t\t\t\t\t\t<img fetchpriority=\"high\" decoding=\"async\" width=\"595\" height=\"842\" src=\"https:\/\/orasulparalel.ro\/wp-content\/uploads\/2023\/09\/D-E-C-L-A-R-A-T-I-E-de-refuz-mostenire-1.jpg\" class=\"attachment-large size-large wp-image-2805\" alt=\"\" srcset=\"https:\/\/orasulparalel.ro\/wp-content\/uploads\/2023\/09\/D-E-C-L-A-R-A-T-I-E-de-refuz-mostenire-1.jpg 595w, https:\/\/orasulparalel.ro\/wp-content\/uploads\/2023\/09\/D-E-C-L-A-R-A-T-I-E-de-refuz-mostenire-1-212x300.jpg 212w, https:\/\/orasulparalel.ro\/wp-content\/uploads\/2023\/09\/D-E-C-L-A-R-A-T-I-E-de-refuz-mostenire-1-8x12.jpg 8w, https:\/\/orasulparalel.ro\/wp-content\/uploads\/2023\/09\/D-E-C-L-A-R-A-T-I-E-de-refuz-mostenire-1-17x24.jpg 17w, https:\/\/orasulparalel.ro\/wp-content\/uploads\/2023\/09\/D-E-C-L-A-R-A-T-I-E-de-refuz-mostenire-1-23x32.jpg 23w, https:\/\/orasulparalel.ro\/wp-content\/uploads\/2023\/09\/D-E-C-L-A-R-A-T-I-E-de-refuz-mostenire-1-28x40.jpg 28w\" sizes=\"(max-width: 595px) 100vw, 595px\" \/>\t\t\t\t\t\t\t\t\t\t\t\t\t\t\t<\/div>\n\t\t\t\t<\/div>\n\t\t\t\t\t<\/div>\n\t\t\t\t<\/div>\n\t\t<div class=\"elementor-element elementor-element-1da4d66 e-flex e-con-boxed e-con e-parent\" data-id=\"1da4d66\" data-element_type=\"container\">\n\t\t\t\t\t<div class=\"e-con-inner\">\n\t\t\t\t<div class=\"elementor-element elementor-element-17ee933 elementor-widget elementor-widget-text-editor\" data-id=\"17ee933\" data-element_type=\"widget\" data-widget_type=\"text-editor.default\">\n\t\t\t\t<div class=\"elementor-widget-container\">\n\t\t\t\t\t\t\t\t\t<p><strong><em>[HU] Erkl\u00e4rung zur Nachlass\u00fcbergabe<\/em><\/strong><\/p><p>\u00a0\u00a0\u00a0\u00a0\u00a0\u00a0\u00a0\u00a0\u00a0\u00a0\u00a0\u00a0\u00a0\u00a0\u00a0\u00a0\u00a0\u00a0\u00a0\u00a0\u00a0\u00a0\u00a0\u00a0\u00a0\u00a0\u00a0\u00a0\u00a0\u00a0\u00a0\u00a0\u00a0\u00a0\u00a0\u00a0\u00a0\u00a0\u00a0\u00a0\u00a0\u00a0\u00a0\u00a0\u00a0\u00a0\u00a0\u00a0\u00a0\u00a0\u00a0\u00a0\u00a0\u00a0\u00a0\u00a0\u00a0\u00a0\u00a0\u00a0\u00a0\u00a0\u00a0\u00a0\u00a0\u00a0\u00a0\u00a0\u00a0\u00a0\u00a0\u00a0NYILATKOZAT<\/p><p>\u00a0<em>\u00a0\u00a0\u00a0\u00a0\u00a0\u00a0\u00a0\u00a0\u00a0Alul\u00edrott Farag\u00f3 Fl\u00f3ra, Temes megye, Temesv\u00e1r, Dacilor utca 3\/3 alatti lakos, SzASz\u00a0<strong>M\u00c4DCHEN<\/strong>\u00a0\u00a0a PT 1100 und 1120 \u00e7\u0131rkkelye ab\u00e1n, jelen nyilakozatommal Lemondok a 142\/1984.04.21,-i hagyateki pr\u00f3v\u00edtv\u00e1nyban Feltt\u00fcntetett, az 1984.03.15.-\u00e9n elhunyt Farag\u00f3 Ildik\u00f3 , SzASz\u00a0<strong>M\u00c4DCHEN<\/strong>\u00a0.<\/em><\/p><p><em>\u00a0\u00a0\u00a0\u00a0\u00a0\u00a0Jelen nyiltkozat a k\u00f6zjegy\u0151i jegyz\u00e9kebe (HNKJ).<\/em><\/p><p><em>\u00a0\u00a0\u00a0\u00a0\u00a0Geschrieben am 25.07.2002, 25. September, 4 Monate, 1 Monat. a k\u00f6zjegyz\u0151i iroda lef\u00e9lt\u00e1r\u00e1ba, 1 pld. von HNKJ-hoz ker\u00fcl, 2 pld. pedig a t\u00e4l\u00e4\u00e4t\u00e4l\u00f6t illeti.<\/em><\/p><p><em>\u00a0\u00a0\u00a0\u00a0\u00a0\u00a0\u00a0\u00a0\u00a0\u00a0\u00a0\u00a0\u00a0\u00a0\u00a0\u00a0\u00a0\u00a0\u00a0\u00a0\u00a0\u00a0\u00a0\u00a0\u00a0\u00a0\u00a0\u00a0\u00a0\u00a0\u00a0\u00a0\u00a0\u00a0\u00a0\u00a0\u00a0\u00a0\u00a0\u00a0\u00a0\u00a0\u00a0\u00a0\u00a0\u00a0\u00a0\u00a0\u00a0\u00a0\u00a0\u00a0\u00a0\u00a0\u00a0\u00a0\u00a0\u00a0\u00a0\u00a0\u00a0\u00a0\u00a0\u00a0\u00a0\u00a0\u00a0\u00a0\u00a0\u00a0\u00a0\u00a0\u00a0\u00a0\u00a0\u00a0\u00a0\u00a0\u00a0\u00a0\u00a0\u00a0\u00a0\u00a0\u00a0\u00a0\u00a0\u00a0\u00a0\u00a0Nyilatkozatt\u00ebv\u00eb,\u00a0<\/em><\/p><p><em>\u00a0\u00a0\u00a0\u00a0\u00a0\u00a0\u00a0\u00a0\u00a0\u00a0\u00a0\u00a0\u00a0\u00a0\u00a0\u00a0\u00a0\u00a0\u00a0\u00a0\u00a0\u00a0\u00a0\u00a0\u00a0\u00a0\u00a0\u00a0\u00a0\u00a0\u00a0\u00a0\u00a0\u00a0\u00a0\u00a0\u00a0\u00a0\u00a0\u00a0\u00a0\u00a0\u00a0\u00a0\u00a0\u00a0\u00a0\u00a0\u00a0\u00a0\u00a0\u00a0\u00a0\u00a0\u00a0\u00a0\u00a0\u00a0\u00a0\u00a0\u00a0\u00a0\u00a0\u00a0\u00a0\u00a0\u00a0\u00a0\u00a0\u00a0\u00a0\u00a0\u00a0\u00a0\u00a0\u00a0\u00a0\u00a0\u00a0\u00a0\u00a0\u00a0\u00a0\u00a0\u00a0\u00a0\u00a0\u00a0\u00a0\u00a0\u00a0\u00a0\u00a0\u00a0\u00a0\u00a0\u00a0\u00a0\u00a0\u00a0\u00a0\u00a0\u00a0\u00a0\u00a0\u00a0\u00a0\u00a0\u00a0Farago Flora<\/em><\/p>\t\t\t\t\t\t\t\t<\/div>\n\t\t\t\t<\/div>\n\t\t\t\t\t<\/div>\n\t\t\t\t<\/div>\n\t\t<div class=\"elementor-element elementor-element-f900296 e-flex e-con-boxed e-con e-parent\" data-id=\"f900296\" data-element_type=\"container\">\n\t\t\t\t\t<div class=\"e-con-inner\">\n\t\t\t\t<div class=\"elementor-element elementor-element-af5e3be elementor-widget elementor-widget-text-editor\" data-id=\"af5e3be\" data-element_type=\"widget\" data-widget_type=\"text-editor.default\">\n\t\t\t\t<div class=\"elementor-widget-container\">\n\t\t\t\t\t\t\t\t\t<p><strong>[DE] Erbschaftserkl\u00e4rung<\/strong><\/p><p>\u00a0\u00a0\u00a0\u00a0\u00a0\u00a0\u00a0\u00a0\u00a0\u00a0\u00a0\u00a0\u00a0\u00a0\u00a0\u00a0\u00a0\u00a0\u00a0\u00a0\u00a0\u00a0\u00a0\u00a0\u00a0\u00a0\u00a0\u00a0\u00a0\u00a0\u00a0\u00a0\u00a0\u00a0\u00a0\u00a0\u00a0\u00a0\u00a0\u00a0\u00a0\u00a0\u00a0\u00a0\u00a0\u00a0\u00a0\u00a0\u00a0\u00a0\u00a0\u00a0\u00a0\u00a0\u00a0\u00a0\u00a0\u00a0\u00a0\u00a0\u00a0\u00a0\u00a0\u00a0\u00a0\u00a0\u00a0\u00a0\u00a0\u00a0 EIDSERKL\u00c4RUNG<\/p><p><em>\u00a0\u00a0\u00a0\u00a0\u00a0\u00a0\u00a0\u00a0 Ich erkl\u00e4re hiermit, Farago Flora, wohnhaft in Timisoara, Bezirk Temesc, Dacilorstra\u00dfe 3, T\u00fcr 3, mit dem pers\u00f6nlichen Identifikationscode\u00a0<strong>SCHWARZ<\/strong>, an Eides statt, dass ich gem\u00e4\u00df Art. 1100 der Zivilprozessordnung und Art. 1120 der Zivilprozessordnung, \u00fcber meine gesetzlichen Erbrechte, gem\u00e4\u00df Erbschaftsverordnung Nr. 142 vom 21.04.1984, \u00fcber die Erbschaft der Wohnung in der Dacilorstra\u00dfe 3, T\u00fcr 3, in Timisoara, Bezirk Temesv\u00e1r, gegen\u00fcber meiner Schwester Farago Iren.<\/em><\/p><p><em>Die Kosten f\u00fcr die Eintragung im Nationalen Erbschaftsregister f\u00fcr die vorliegende Erkl\u00e4rung tr\u00e4gt der Unterzeichnende.<\/em><\/p><p><em>Hergestellt am 25.07.2002 in 4 Ausfertigungen, davon eine f\u00fcr das Notariatsarchiv des Amtes, eine f\u00fcr das Nationale Erbschaftsregister und zwei Ausfertigungen f\u00fcr den Unterzeichneten.<\/em><\/p><p><em>\u00a0\u00a0\u00a0\u00a0\u00a0\u00a0\u00a0\u00a0\u00a0\u00a0\u00a0\u00a0\u00a0\u00a0\u00a0\u00a0\u00a0\u00a0\u00a0\u00a0\u00a0\u00a0\u00a0\u00a0\u00a0\u00a0\u00a0\u00a0\u00a0\u00a0\u00a0\u00a0\u00a0\u00a0\u00a0\u00a0\u00a0\u00a0\u00a0\u00a0\u00a0\u00a0\u00a0\u00a0\u00a0\u00a0\u00a0\u00a0\u00a0\u00a0\u00a0\u00a0\u00a0\u00a0\u00a0\u00a0\u00a0\u00a0\u00a0\u00a0\u00a0\u00a0\u00a0\u00a0\u00a0\u00a0\u00a0\u00a0\u00a0\u00a0\u00a0\u00a0\u00a0\u00a0\u00a0\u00a0\u00a0\u00a0\u00a0\u00a0\u00a0\u00a0\u00a0\u00a0\u00a0\u00a0\u00a0\u00a0\u00a0 Unterschrift,<\/em><\/p><p><em>\u00a0\u00a0\u00a0\u00a0\u00a0\u00a0\u00a0\u00a0\u00a0\u00a0\u00a0\u00a0\u00a0\u00a0\u00a0\u00a0\u00a0\u00a0\u00a0\u00a0\u00a0\u00a0\u00a0\u00a0\u00a0\u00a0\u00a0\u00a0\u00a0\u00a0\u00a0\u00a0\u00a0\u00a0\u00a0\u00a0\u00a0\u00a0\u00a0\u00a0\u00a0\u00a0\u00a0\u00a0\u00a0\u00a0\u00a0\u00a0\u00a0\u00a0\u00a0\u00a0\u00a0\u00a0\u00a0\u00a0\u00a0\u00a0\u00a0\u00a0\u00a0\u00a0\u00a0\u00a0\u00a0\u00a0\u00a0\u00a0\u00a0\u00a0\u00a0\u00a0\u00a0\u00a0\u00a0\u00a0\u00a0\u00a0\u00a0\u00a0\u00a0\u00a0\u00a0\u00a0\u00a0\u00a0\u00a0\u00a0\u00a0\u00a0\u00a0\u00a0\u00a0\u00a0\u00a0\u00a0\u00a0\u00a0\u00a0\u00a0\u00a0\u00a0\u00a0\u00a0\u00a0\u00a0\u00a0\u00a0 Farago Flora<\/em><\/p>\t\t\t\t\t\t\t\t<\/div>\n\t\t\t\t<\/div>\n\t\t\t\t\t<\/div>\n\t\t\t\t<\/div>\n\t\t<div class=\"elementor-element elementor-element-c2936f5 e-flex e-con-boxed e-con e-parent\" data-id=\"c2936f5\" data-element_type=\"container\">\n\t\t\t\t\t<div class=\"e-con-inner\">\n\t\t\t\t<div class=\"elementor-element elementor-element-80bb5c1 elementor-widget elementor-widget-text-editor\" data-id=\"80bb5c1\" data-element_type=\"widget\" data-widget_type=\"text-editor.default\">\n\t\t\t\t<div class=\"elementor-widget-container\">\n\t\t\t\t\t\t\t\t\t<p>[DE] ERBVERZICHTSERKL\u00c4RUNG<br \/>EIDESSTATTLICHE ERKL\u00c4RUNG<\/p><p>Ich, Farago Flora, wohnhaft in Timisoara, Landkreis Timisoara, Dacilorstra\u00dfe 3, T\u00fcr 3, mit der Personenkennziffer SCHWARZ, erkl\u00e4re an Eides statt, dass ich gem\u00e4\u00df Art. 1100 der Zivilprozessordnung und Art. Ich beziehe mich gem\u00e4\u00df Art. 1120 der Zivilprozessordnung, zu meinem gesetzlichen Erbanspruch, Nr. 142 vom 21. April 1984, auf die Erbschaft der Wohnung in der Dacilorstra\u00dfe 3, T\u00fcr 3, in Timisoara, Landkreis Timisoara, gegen\u00fcber meiner Schwester Farago Iren.<br \/>Die Kosten f\u00fcr die Eintragung dieser Erkl\u00e4rung im Nationalen Erbschaftsregister tr\u00e4gt der Unterzeichnende.<br \/>Ausgefertigt am 25.07.2002 in 4 Ausfertigungen, eine f\u00fcr das Notariatsarchiv des Amtes, eine f\u00fcr das Nationale Erbschaftsregister und zwei Ausfertigungen f\u00fcr den Unterzeichneten.<br \/>Unterschrift,<br \/>Farago Flora<\/p>\t\t\t\t\t\t\t\t<\/div>\n\t\t\t\t<\/div>\n\t\t\t\t\t<\/div>\n\t\t\t\t<\/div>\n\t\t\t\t<\/div>\n\t\t\n    <div class=\"xs_social_share_widget xs_share_url after_content \t\tmain_content  wslu-style-1 wslu-share-box-shaped wslu-fill-colored wslu-none wslu-share-horizontal wslu-theme-font-no wslu-main_content\">\n\n\t\t\n        <ul>\n\t\t\t        <\/ul>\n    <\/div>","protected":false},"excerpt":{"rendered":"<p>[HU] HAGYAT\u00c9K LEMOND\u00d3 K\u00d6ZJEGYZ\u0150I NYILATKOZAT NYILATKOZAT Alul\u00edrott Farag\u00f3 Flora, Temes megye, Temesv\u00e1r, Dacilor utca 3\/3 alatti lakos, SzASz FEKETE a PT 1100 \u00e9s 1120 \u00e7\u0131rkkelye ab\u00e1nd, jelen nyilakozatommal Lemondok a 142\/1984.04.21,-i hagyat\u00e9ki pr\u00f6tiv\u00e1nyban Felt\u0171ntetett, az 1984.03.15.-\u00e9n elhunyt Farag\u00f3 Ildik\u00f3 , SzASz FEKETE , (utols\u00f3 lakhelye Temesv\u00e1r, Dacilor utca 3\/3) t\u00f3l\u00f3d\u00e1b\u00f3l maart Temes Megye, Temesv\u00e1r, Dacilor utca 3\/3 alatti ingatlanbeli [\u2026]<\/p>","protected":false},"author":1,"featured_media":0,"parent":0,"menu_order":0,"comment_status":"closed","ping_status":"closed","template":"","meta":{"postBodyCss":"","postBodyMargin":[],"postBodyPadding":[],"postBodyBackground":{"backgroundType":"classic","gradient":""},"footnotes":""},"class_list":["post-2800","page","type-page","status-publish","hentry"],"yoast_head":"<!-- This site is optimized with the Yoast SEO Premium plugin v20.7 (Yoast SEO v20.7) - https:\/\/yoast.com\/wordpress\/plugins\/seo\/ -->\n<title>fabric-cedarea-apartament - Ora\u0219ul Paralel<\/title>\n<meta name=\"robots\" content=\"index, follow, max-snippet:-1, max-image-preview:large, max-video-preview:-1\" \/>\n<link rel=\"canonical\" href=\"https:\/\/orasulparalel.ro\/de\/fabric-cedarea-apartament\/\" \/>\n<meta property=\"og:locale\" content=\"de_DE\" \/>\n<meta property=\"og:type\" content=\"article\" \/>\n<meta property=\"og:title\" content=\"fabric-cedarea-apartament - Ora\u0219ul Paralel\" \/>\n<meta property=\"og:description\" content=\"[HU] HAGYAT\u00c9K LEMOND\u00d3 K\u00d6ZJEGYZ\u0150I NYILATKOZAT \u00a0\u00a0\u00a0\u00a0\u00a0\u00a0\u00a0\u00a0\u00a0\u00a0\u00a0\u00a0\u00a0\u00a0\u00a0\u00a0\u00a0\u00a0\u00a0\u00a0\u00a0\u00a0\u00a0\u00a0\u00a0\u00a0\u00a0\u00a0\u00a0\u00a0\u00a0\u00a0\u00a0\u00a0\u00a0\u00a0\u00a0\u00a0\u00a0\u00a0\u00a0\u00a0\u00a0\u00a0\u00a0\u00a0\u00a0\u00a0\u00a0\u00a0\u00a0\u00a0\u00a0\u00a0\u00a0\u00a0\u00a0\u00a0\u00a0\u00a0\u00a0\u00a0\u00a0\u00a0\u00a0\u00a0\u00a0\u00a0\u00a0\u00a0\u00a0\u00a0NYILATKOZAT \u00a0\u00a0\u00a0\u00a0\u00a0\u00a0\u00a0\u00a0\u00a0\u00a0Alul\u00edrott Farag\u00f3 Fl\u00f3ra, Temes megye, Temesv\u00e1r, Dacilor utca 3\/3 alatti lakos, SzASz\u00a0FEKETE\u00a0\u00a0a PT 1100 \u00e9s 1120 cikkelye alapj\u00e1n, jelen nyilakozatommal lemondok a 142\/1984.04.21,-i hagyat\u00e9ki bizony\u00edtv\u00e1nyban felt\u0171ntetett, az 1984.03.15.-\u00e9n elhunyt Farag\u00f3 Ildik\u00f3 , SzASz\u00a0FEKETE\u00a0, (utols\u00f3 lakhelye Temesv\u00e1r, Dacilor utca 3\/3)\u00a0\u00a0 tulajdon\u00e1b\u00f3l maradt Temes Megye, Temesv\u00e1r, Dacilor utca 3\/3 alatti ingatlanbeli [&hellip;]\" \/>\n<meta property=\"og:url\" content=\"https:\/\/orasulparalel.ro\/de\/fabric-cedarea-apartament\/\" \/>\n<meta property=\"og:site_name\" content=\"Ora\u0219ul Paralel\" \/>\n<meta property=\"article:publisher\" content=\"https:\/\/www.facebook.com\/orasulparaleltimisoara\" \/>\n<meta property=\"article:modified_time\" content=\"2023-09-04T07:33:22+00:00\" \/>\n<meta property=\"og:image\" content=\"https:\/\/orasulparalel.ro\/wp-content\/uploads\/2023\/09\/D-E-C-L-A-R-A-T-I-E-de-refuz-mostenire-1.jpg\" \/>\n<meta name=\"twitter:card\" content=\"summary_large_image\" \/>\n<meta name=\"twitter:label1\" content=\"Gesch\u00e4tzte Lesezeit\" \/>\n\t<meta name=\"twitter:data1\" content=\"3\u00a0Minuten\" \/>\n<script type=\"application\/ld+json\" class=\"yoast-schema-graph\">{\"@context\":\"https:\/\/schema.org\",\"@graph\":[{\"@type\":\"WebPage\",\"@id\":\"https:\/\/orasulparalel.ro\/fabric-cedarea-apartament\/\",\"url\":\"https:\/\/orasulparalel.ro\/fabric-cedarea-apartament\/\",\"name\":\"fabric-cedarea-apartament - Ora\u0219ul Paralel\",\"isPartOf\":{\"@id\":\"https:\/\/orasulparalel.ro\/#website\"},\"datePublished\":\"2023-09-04T07:22:06+00:00\",\"dateModified\":\"2023-09-04T07:33:22+00:00\",\"breadcrumb\":{\"@id\":\"https:\/\/orasulparalel.ro\/fabric-cedarea-apartament\/#breadcrumb\"},\"inLanguage\":\"de\",\"potentialAction\":[{\"@type\":\"ReadAction\",\"target\":[\"https:\/\/orasulparalel.ro\/fabric-cedarea-apartament\/\"]}]},{\"@type\":\"BreadcrumbList\",\"@id\":\"https:\/\/orasulparalel.ro\/fabric-cedarea-apartament\/#breadcrumb\",\"itemListElement\":[{\"@type\":\"ListItem\",\"position\":1,\"name\":\"Acas\u0103\",\"item\":\"https:\/\/orasulparalel.ro\/\"},{\"@type\":\"ListItem\",\"position\":2,\"name\":\"fabric-cedarea-apartament\"}]},{\"@type\":\"WebSite\",\"@id\":\"https:\/\/orasulparalel.ro\/#website\",\"url\":\"https:\/\/orasulparalel.ro\/\",\"name\":\"Ora\u0219ul Paralel\",\"description\":\"Spectacol imersiv\",\"publisher\":{\"@id\":\"https:\/\/orasulparalel.ro\/#organization\"},\"potentialAction\":[{\"@type\":\"SearchAction\",\"target\":{\"@type\":\"EntryPoint\",\"urlTemplate\":\"https:\/\/orasulparalel.ro\/?s={search_term_string}\"},\"query-input\":\"required name=search_term_string\"}],\"inLanguage\":\"de\"},{\"@type\":\"Organization\",\"@id\":\"https:\/\/orasulparalel.ro\/#organization\",\"name\":\"Ora\u0219ul Paralel\",\"alternateName\":\"OP\",\"url\":\"https:\/\/orasulparalel.ro\/\",\"logo\":{\"@type\":\"ImageObject\",\"inLanguage\":\"de\",\"@id\":\"https:\/\/orasulparalel.ro\/#\/schema\/logo\/image\/\",\"url\":\"https:\/\/orasulparalel.ro\/wp-content\/uploads\/2023\/06\/logo.png\",\"contentUrl\":\"https:\/\/orasulparalel.ro\/wp-content\/uploads\/2023\/06\/logo.png\",\"width\":300,\"height\":200,\"caption\":\"Ora\u0219ul Paralel\"},\"image\":{\"@id\":\"https:\/\/orasulparalel.ro\/#\/schema\/logo\/image\/\"},\"sameAs\":[\"https:\/\/www.facebook.com\/orasulparaleltimisoara\",\"https:\/\/www.instagram.com\/orasulparalel\/\",\"http:\/\/www.tiktok.com\/@orasulparelel0\",\"https:\/\/www.youtube.com\/@CiviCultura\"]}]}<\/script>\n<!-- \/ Yoast SEO Premium plugin. -->","yoast_head_json":{"title":"fabric-cedarea-apartament - Ora\u0219ul Paralel","robots":{"index":"index","follow":"follow","max-snippet":"max-snippet:-1","max-image-preview":"max-image-preview:large","max-video-preview":"max-video-preview:-1"},"canonical":"https:\/\/orasulparalel.ro\/de\/fabric-cedarea-apartament\/","og_locale":"de_DE","og_type":"article","og_title":"fabric-cedarea-apartament - Ora\u0219ul Paralel","og_description":"[HU] HAGYAT\u00c9K LEMOND\u00d3 K\u00d6ZJEGYZ\u0150I NYILATKOZAT \u00a0\u00a0\u00a0\u00a0\u00a0\u00a0\u00a0\u00a0\u00a0\u00a0\u00a0\u00a0\u00a0\u00a0\u00a0\u00a0\u00a0\u00a0\u00a0\u00a0\u00a0\u00a0\u00a0\u00a0\u00a0\u00a0\u00a0\u00a0\u00a0\u00a0\u00a0\u00a0\u00a0\u00a0\u00a0\u00a0\u00a0\u00a0\u00a0\u00a0\u00a0\u00a0\u00a0\u00a0\u00a0\u00a0\u00a0\u00a0\u00a0\u00a0\u00a0\u00a0\u00a0\u00a0\u00a0\u00a0\u00a0\u00a0\u00a0\u00a0\u00a0\u00a0\u00a0\u00a0\u00a0\u00a0\u00a0\u00a0\u00a0\u00a0\u00a0\u00a0NYILATKOZAT \u00a0\u00a0\u00a0\u00a0\u00a0\u00a0\u00a0\u00a0\u00a0\u00a0Alul\u00edrott Farag\u00f3 Fl\u00f3ra, Temes megye, Temesv\u00e1r, Dacilor utca 3\/3 alatti lakos, SzASz\u00a0FEKETE\u00a0\u00a0a PT 1100 \u00e9s 1120 cikkelye alapj\u00e1n, jelen nyilakozatommal lemondok a 142\/1984.04.21,-i hagyat\u00e9ki bizony\u00edtv\u00e1nyban felt\u0171ntetett, az 1984.03.15.-\u00e9n elhunyt Farag\u00f3 Ildik\u00f3 , SzASz\u00a0FEKETE\u00a0, (utols\u00f3 lakhelye Temesv\u00e1r, Dacilor utca 3\/3)\u00a0\u00a0 tulajdon\u00e1b\u00f3l maradt Temes Megye, Temesv\u00e1r, Dacilor utca 3\/3 alatti ingatlanbeli [&hellip;]","og_url":"https:\/\/orasulparalel.ro\/de\/fabric-cedarea-apartament\/","og_site_name":"Ora\u0219ul Paralel","article_publisher":"https:\/\/www.facebook.com\/orasulparaleltimisoara","article_modified_time":"2023-09-04T07:33:22+00:00","og_image":[{"url":"https:\/\/orasulparalel.ro\/wp-content\/uploads\/2023\/09\/D-E-C-L-A-R-A-T-I-E-de-refuz-mostenire-1.jpg"}],"twitter_card":"summary_large_image","twitter_misc":{"Gesch\u00e4tzte Lesezeit":"3\u00a0Minuten"},"schema":{"@context":"https:\/\/schema.org","@graph":[{"@type":"WebPage","@id":"https:\/\/orasulparalel.ro\/fabric-cedarea-apartament\/","url":"https:\/\/orasulparalel.ro\/fabric-cedarea-apartament\/","name":"fabric-cedarea-apartament - Ora\u0219ul Paralel","isPartOf":{"@id":"https:\/\/orasulparalel.ro\/#website"},"datePublished":"2023-09-04T07:22:06+00:00","dateModified":"2023-09-04T07:33:22+00:00","breadcrumb":{"@id":"https:\/\/orasulparalel.ro\/fabric-cedarea-apartament\/#breadcrumb"},"inLanguage":"de","potentialAction":[{"@type":"ReadAction","target":["https:\/\/orasulparalel.ro\/fabric-cedarea-apartament\/"]}]},{"@type":"BreadcrumbList","@id":"https:\/\/orasulparalel.ro\/fabric-cedarea-apartament\/#breadcrumb","itemListElement":[{"@type":"ListItem","position":1,"name":"Acas\u0103","item":"https:\/\/orasulparalel.ro\/"},{"@type":"ListItem","position":2,"name":"fabric-cedarea-apartament"}]},{"@type":"WebSite","@id":"https:\/\/orasulparalel.ro\/#website","url":"https:\/\/orasulparalel.ro\/","name":"Ora\u0219ul Paralel","description":"Spectacol imersiv","publisher":{"@id":"https:\/\/orasulparalel.ro\/#organization"},"potentialAction":[{"@type":"SearchAction","target":{"@type":"EntryPoint","urlTemplate":"https:\/\/orasulparalel.ro\/?s={search_term_string}"},"query-input":"required name=search_term_string"}],"inLanguage":"de"},{"@type":"Organization","@id":"https:\/\/orasulparalel.ro\/#organization","name":"Ora\u0219ul Paralel","alternateName":"OP","url":"https:\/\/orasulparalel.ro\/","logo":{"@type":"ImageObject","inLanguage":"de","@id":"https:\/\/orasulparalel.ro\/#\/schema\/logo\/image\/","url":"https:\/\/orasulparalel.ro\/wp-content\/uploads\/2023\/06\/logo.png","contentUrl":"https:\/\/orasulparalel.ro\/wp-content\/uploads\/2023\/06\/logo.png","width":300,"height":200,"caption":"Ora\u0219ul Paralel"},"image":{"@id":"https:\/\/orasulparalel.ro\/#\/schema\/logo\/image\/"},"sameAs":["https:\/\/www.facebook.com\/orasulparaleltimisoara","https:\/\/www.instagram.com\/orasulparalel\/","http:\/\/www.tiktok.com\/@orasulparelel0","https:\/\/www.youtube.com\/@CiviCultura"]}]}},"_links":{"self":[{"href":"https:\/\/orasulparalel.ro\/de\/wp-json\/wp\/v2\/pages\/2800","targetHints":{"allow":["GET"]}}],"collection":[{"href":"https:\/\/orasulparalel.ro\/de\/wp-json\/wp\/v2\/pages"}],"about":[{"href":"https:\/\/orasulparalel.ro\/de\/wp-json\/wp\/v2\/types\/page"}],"author":[{"embeddable":true,"href":"https:\/\/orasulparalel.ro\/de\/wp-json\/wp\/v2\/users\/1"}],"replies":[{"embeddable":true,"href":"https:\/\/orasulparalel.ro\/de\/wp-json\/wp\/v2\/comments?post=2800"}],"version-history":[{"count":10,"href":"https:\/\/orasulparalel.ro\/de\/wp-json\/wp\/v2\/pages\/2800\/revisions"}],"predecessor-version":[{"id":2812,"href":"https:\/\/orasulparalel.ro\/de\/wp-json\/wp\/v2\/pages\/2800\/revisions\/2812"}],"wp:attachment":[{"href":"https:\/\/orasulparalel.ro\/de\/wp-json\/wp\/v2\/media?parent=2800"}],"curies":[{"name":"wp","href":"https:\/\/api.w.org\/{rel}","templated":true}]}}